{"id":135,"date":"2023-10-07T17:23:44","date_gmt":"2023-10-07T17:23:44","guid":{"rendered":"https:\/\/autismoelsalvador.org\/?page_id=135"},"modified":"2025-09-24T10:27:14","modified_gmt":"2025-09-24T10:27:14","slug":"servicios","status":"publish","type":"page","link":"https:\/\/autismoelsalvador.org\/index.php\/servicios\/","title":{"rendered":"SERVICIOS"},"content":{"rendered":"\t\t<div data-elementor-type=\"wp-page\" data-elementor-id=\"135\" class=\"elementor elementor-135\" data-elementor-post-type=\"page\">\n\t\t\t\t<div class=\"elementor-element elementor-element-cfa2733 e-con-full e-flex e-con e-parent\" data-id=\"cfa2733\" data-element_type=\"container\" data-e-type=\"container\" data-settings=\"{&quot;background_background&quot;:&quot;classic&quot;,&quot;sticky&quot;:&quot;top&quot;,&quot;sticky_on&quot;:[&quot;desktop&quot;,&quot;tablet&quot;,&quot;mobile&quot;],&quot;sticky_offset&quot;:0,&quot;sticky_effects_offset&quot;:0,&quot;sticky_anchor_link_offset&quot;:0}\">\n\t\t<div class=\"elementor-element elementor-element-e422e4f e-con-full e-flex e-con e-child\" data-id=\"e422e4f\" data-element_type=\"container\" data-e-type=\"container\">\n\t\t\t\t<div class=\"elementor-element elementor-element-70d48cb elementor-widget elementor-widget-theme-site-logo elementor-widget-image\" data-id=\"70d48cb\" data-element_type=\"widget\" data-e-type=\"widget\" data-widget_type=\"theme-site-logo.default\">\n\t\t\t\t<div class=\"elementor-widget-container\">\n\t\t\t\t\t\t\t\t\t\t\t<a href=\"https:\/\/autismoelsalvador.org\">\n\t\t\t<img fetchpriority=\"high\" decoding=\"async\" width=\"1014\" height=\"411\" src=\"https:\/\/autismoelsalvador.org\/wp-content\/uploads\/2023\/10\/cropped-LOGO-ASA-CON-LEYENDA-04.png\" class=\"attachment-full size-full wp-image-935\" alt=\"\" srcset=\"https:\/\/autismoelsalvador.org\/wp-content\/uploads\/2023\/10\/cropped-LOGO-ASA-CON-LEYENDA-04.png 1014w, https:\/\/autismoelsalvador.org\/wp-content\/uploads\/2023\/10\/cropped-LOGO-ASA-CON-LEYENDA-04-300x122.png 300w, https:\/\/autismoelsalvador.org\/wp-content\/uploads\/2023\/10\/cropped-LOGO-ASA-CON-LEYENDA-04-768x311.png 768w\" sizes=\"(max-width: 1014px) 100vw, 1014px\" \/>\t\t\t\t<\/a>\n\t\t\t\t\t\t\t\t\t\t\t<\/div>\n\t\t\t\t<\/div>\n\t\t\t\t<\/div>\n\t\t<div class=\"elementor-element elementor-element-5de6d39 e-con-full e-flex e-con e-child\" data-id=\"5de6d39\" data-element_type=\"container\" data-e-type=\"container\">\n\t\t\t\t<div class=\"elementor-element elementor-element-0524465 elementor-nav-menu--stretch elementor-nav-menu--dropdown-mobile elementor-nav-menu__text-align-aside elementor-nav-menu--toggle elementor-nav-menu--burger elementor-widget elementor-widget-nav-menu\" data-id=\"0524465\" data-element_type=\"widget\" data-e-type=\"widget\" data-settings=\"{&quot;full_width&quot;:&quot;stretch&quot;,&quot;layout&quot;:&quot;horizontal&quot;,&quot;submenu_icon&quot;:{&quot;value&quot;:&quot;&lt;i class=\\&quot;fas fa-caret-down\\&quot;&gt;&lt;\\\/i&gt;&quot;,&quot;library&quot;:&quot;fa-solid&quot;},&quot;toggle&quot;:&quot;burger&quot;}\" data-widget_type=\"nav-menu.default\">\n\t\t\t\t<div class=\"elementor-widget-container\">\n\t\t\t\t\t\t\t\t<nav aria-label=\"Menu\" class=\"elementor-nav-menu--main elementor-nav-menu__container elementor-nav-menu--layout-horizontal e--pointer-text e--animation-rotate\">\n\t\t\t\t<ul id=\"menu-1-0524465\" class=\"elementor-nav-menu\"><li class=\"menu-item menu-item-type-post_type menu-item-object-page menu-item-home menu-item-149\"><a href=\"https:\/\/autismoelsalvador.org\/\" class=\"elementor-item menu-link\">INICIO<\/a><\/li>\n<li class=\"menu-item menu-item-type-post_type menu-item-object-page menu-item-148\"><a href=\"https:\/\/autismoelsalvador.org\/index.php\/asa\/\" class=\"elementor-item menu-link\">ASA<\/a><\/li>\n<li class=\"menu-item menu-item-type-post_type menu-item-object-page menu-item-147\"><a href=\"https:\/\/autismoelsalvador.org\/index.php\/autismo\/\" class=\"elementor-item menu-link\">AUTISMO<\/a><\/li>\n<li class=\"menu-item menu-item-type-post_type menu-item-object-page menu-item-146\"><a href=\"https:\/\/autismoelsalvador.org\/index.php\/servicios\/\" class=\"elementor-item menu-link\">SERVICIOS<\/a><\/li>\n<li class=\"menu-item menu-item-type-post_type menu-item-object-page menu-item-145\"><a href=\"https:\/\/autismoelsalvador.org\/index.php\/familia\/\" class=\"elementor-item menu-link\">FAMILIA<\/a><\/li>\n<\/ul>\t\t\t<\/nav>\n\t\t\t\t\t<div class=\"elementor-menu-toggle\" role=\"button\" tabindex=\"0\" aria-label=\"Menu Toggle\" aria-expanded=\"false\">\n\t\t\t<i aria-hidden=\"true\" role=\"presentation\" class=\"elementor-menu-toggle__icon--open eicon-menu-bar\"><\/i><i aria-hidden=\"true\" role=\"presentation\" class=\"elementor-menu-toggle__icon--close eicon-close\"><\/i>\t\t<\/div>\n\t\t\t\t\t<nav class=\"elementor-nav-menu--dropdown elementor-nav-menu__container\" aria-hidden=\"true\">\n\t\t\t\t<ul id=\"menu-2-0524465\" class=\"elementor-nav-menu\"><li class=\"menu-item menu-item-type-post_type menu-item-object-page menu-item-home menu-item-149\"><a href=\"https:\/\/autismoelsalvador.org\/\" class=\"elementor-item menu-link\" tabindex=\"-1\">INICIO<\/a><\/li>\n<li class=\"menu-item menu-item-type-post_type menu-item-object-page menu-item-148\"><a href=\"https:\/\/autismoelsalvador.org\/index.php\/asa\/\" class=\"elementor-item menu-link\" tabindex=\"-1\">ASA<\/a><\/li>\n<li class=\"menu-item menu-item-type-post_type menu-item-object-page menu-item-147\"><a href=\"https:\/\/autismoelsalvador.org\/index.php\/autismo\/\" class=\"elementor-item menu-link\" tabindex=\"-1\">AUTISMO<\/a><\/li>\n<li class=\"menu-item menu-item-type-post_type menu-item-object-page menu-item-146\"><a href=\"https:\/\/autismoelsalvador.org\/index.php\/servicios\/\" class=\"elementor-item menu-link\" tabindex=\"-1\">SERVICIOS<\/a><\/li>\n<li class=\"menu-item menu-item-type-post_type menu-item-object-page menu-item-145\"><a href=\"https:\/\/autismoelsalvador.org\/index.php\/familia\/\" class=\"elementor-item menu-link\" tabindex=\"-1\">FAMILIA<\/a><\/li>\n<\/ul>\t\t\t<\/nav>\n\t\t\t\t\t\t<\/div>\n\t\t\t\t<\/div>\n\t\t\t\t<div class=\"elementor-element elementor-element-8f54e7a elementor-align-right elementor-widget elementor-widget-button\" data-id=\"8f54e7a\" data-element_type=\"widget\" data-e-type=\"widget\" data-widget_type=\"button.default\">\n\t\t\t\t<div class=\"elementor-widget-container\">\n\t\t\t\t\t\t\t\t\t<div class=\"elementor-button-wrapper\">\n\t\t\t\t\t<a class=\"elementor-button elementor-button-link elementor-size-sm elementor-animation-grow\" href=\"https:\/\/autismoelsalvador.org\/index.php\/contacto\/\">\n\t\t\t\t\t\t<span class=\"elementor-button-content-wrapper\">\n\t\t\t\t\t\t\t\t\t<span class=\"elementor-button-text\">Contacto<\/span>\n\t\t\t\t\t<\/span>\n\t\t\t\t\t<\/a>\n\t\t\t\t<\/div>\n\t\t\t\t\t\t\t\t<\/div>\n\t\t\t\t<\/div>\n\t\t\t\t<\/div>\n\t\t\t\t<\/div>\n\t\t<div class=\"elementor-element elementor-element-149d9e4 elementor-hidden-tablet elementor-hidden-mobile e-flex e-con-boxed e-con e-parent\" data-id=\"149d9e4\" data-element_type=\"container\" data-e-type=\"container\" data-settings=\"{&quot;background_background&quot;:&quot;slideshow&quot;,&quot;background_slideshow_gallery&quot;:[{&quot;id&quot;:387,&quot;url&quot;:&quot;http:\\\/\\\/autismoelsalvador.org\\\/wp-content\\\/uploads\\\/2023\\\/10\\\/shutterstock_1697257297-scaled.jpg&quot;}],&quot;background_slideshow_loop&quot;:&quot;yes&quot;,&quot;background_slideshow_slide_duration&quot;:5000,&quot;background_slideshow_slide_transition&quot;:&quot;fade&quot;,&quot;background_slideshow_transition_duration&quot;:500}\">\n\t\t\t\t\t<div class=\"e-con-inner\">\n\t\t\t\t<div class=\"elementor-element elementor-element-dc8cbd0 elementor-widget elementor-widget-heading\" data-id=\"dc8cbd0\" data-element_type=\"widget\" data-e-type=\"widget\" data-widget_type=\"heading.default\">\n\t\t\t\t<div class=\"elementor-widget-container\">\n\t\t\t\t\t<h2 class=\"elementor-heading-title elementor-size-default\">Nuestros Servicios.\n<\/h2>\t\t\t\t<\/div>\n\t\t\t\t<\/div>\n\t\t\t\t<div class=\"elementor-element elementor-element-b1a05af elementor-widget elementor-widget-text-editor\" data-id=\"b1a05af\" data-element_type=\"widget\" data-e-type=\"widget\" data-widget_type=\"text-editor.default\">\n\t\t\t\t<div class=\"elementor-widget-container\">\n\t\t\t\t\t\t\t\t\t<p>Nuestros servicios profesionales est\u00e1n orientados de forma integral para atender todas las necesidades impl\u00edcitas de ni\u00f1os\/as de 2 hasta 10 a\u00f1os de edad diagnosticados con el Trastorno del Espectro del Autismo (TEA), se interviene con m\u00e1s de 12 especialidades seg\u00fan el grado de afecci\u00f3n de cada ni\u00f1o\/ni\u00f1a, adem\u00e1s de brindar asesor\u00eda a las familias.<\/p>\t\t\t\t\t\t\t\t<\/div>\n\t\t\t\t<\/div>\n\t\t\t\t\t<\/div>\n\t\t\t\t<\/div>\n\t\t<div class=\"elementor-element elementor-element-5a1fa41 elementor-hidden-tablet elementor-hidden-mobile e-flex e-con-boxed e-con e-parent\" data-id=\"5a1fa41\" data-element_type=\"container\" data-e-type=\"container\">\n\t\t\t\t\t<div class=\"e-con-inner\">\n\t\t\t\t\t<\/div>\n\t\t\t\t<\/div>\n\t\t<div class=\"elementor-element elementor-element-60e0af5 elementor-hidden-tablet elementor-hidden-mobile e-flex e-con-boxed e-con e-parent\" data-id=\"60e0af5\" data-element_type=\"container\" data-e-type=\"container\" data-settings=\"{&quot;background_background&quot;:&quot;classic&quot;}\">\n\t\t\t\t\t<div class=\"e-con-inner\">\n\t\t\t\t<div class=\"elementor-element elementor-element-40fe0b4 elementor-widget elementor-widget-heading\" data-id=\"40fe0b4\" data-element_type=\"widget\" data-e-type=\"widget\" data-widget_type=\"heading.default\">\n\t\t\t\t<div class=\"elementor-widget-container\">\n\t\t\t\t\t<h2 class=\"elementor-heading-title elementor-size-default\">Aprendizaje Integral.<\/h2>\t\t\t\t<\/div>\n\t\t\t\t<\/div>\n\t\t\t\t<div class=\"elementor-element elementor-element-b2d64de elementor-widget elementor-widget-image\" data-id=\"b2d64de\" data-element_type=\"widget\" data-e-type=\"widget\" data-widget_type=\"image.default\">\n\t\t\t\t<div class=\"elementor-widget-container\">\n\t\t\t\t\t\t\t\t\t\t\t\t\t\t\t<img decoding=\"async\" width=\"2560\" height=\"1684\" src=\"https:\/\/autismoelsalvador.org\/wp-content\/uploads\/2023\/10\/SERVICIOS-scaled.jpg\" class=\"attachment-full size-full wp-image-481\" alt=\"\" srcset=\"https:\/\/autismoelsalvador.org\/wp-content\/uploads\/2023\/10\/SERVICIOS-scaled.jpg 2560w, https:\/\/autismoelsalvador.org\/wp-content\/uploads\/2023\/10\/SERVICIOS-300x197.jpg 300w, https:\/\/autismoelsalvador.org\/wp-content\/uploads\/2023\/10\/SERVICIOS-1024x674.jpg 1024w, https:\/\/autismoelsalvador.org\/wp-content\/uploads\/2023\/10\/SERVICIOS-768x505.jpg 768w, https:\/\/autismoelsalvador.org\/wp-content\/uploads\/2023\/10\/SERVICIOS-1536x1010.jpg 1536w, https:\/\/autismoelsalvador.org\/wp-content\/uploads\/2023\/10\/SERVICIOS-2048x1347.jpg 2048w\" sizes=\"(max-width: 2560px) 100vw, 2560px\" \/>\t\t\t\t\t\t\t\t\t\t\t\t\t\t\t<\/div>\n\t\t\t\t<\/div>\n\t\t\t\t<div class=\"elementor-element elementor-element-67737c0 elementor-widget elementor-widget-spacer\" data-id=\"67737c0\" data-element_type=\"widget\" data-e-type=\"widget\" data-widget_type=\"spacer.default\">\n\t\t\t\t<div class=\"elementor-widget-container\">\n\t\t\t\t\t\t\t<div class=\"elementor-spacer\">\n\t\t\t<div class=\"elementor-spacer-inner\"><\/div>\n\t\t<\/div>\n\t\t\t\t\t\t<\/div>\n\t\t\t\t<\/div>\n\t\t\t\t\t<\/div>\n\t\t\t\t<\/div>\n\t\t<div class=\"elementor-element elementor-element-c726b4e elementor-hidden-tablet elementor-hidden-mobile e-flex e-con-boxed e-con e-parent\" data-id=\"c726b4e\" data-element_type=\"container\" data-e-type=\"container\" data-settings=\"{&quot;background_background&quot;:&quot;classic&quot;}\">\n\t\t\t\t\t<div class=\"e-con-inner\">\n\t\t\t\t<div class=\"elementor-element elementor-element-7ed30f6 elementor-widget elementor-widget-image\" data-id=\"7ed30f6\" data-element_type=\"widget\" data-e-type=\"widget\" data-widget_type=\"image.default\">\n\t\t\t\t<div class=\"elementor-widget-container\">\n\t\t\t\t\t\t\t\t\t\t\t\t\t\t\t<img decoding=\"async\" width=\"257\" height=\"252\" src=\"https:\/\/autismoelsalvador.org\/wp-content\/uploads\/2023\/10\/ATENCION.png\" class=\"elementor-animation-grow attachment-full size-full wp-image-489\" alt=\"\" \/>\t\t\t\t\t\t\t\t\t\t\t\t\t\t\t<\/div>\n\t\t\t\t<\/div>\n\t\t\t\t<div class=\"elementor-element elementor-element-26140d3 elementor-widget elementor-widget-heading\" data-id=\"26140d3\" data-element_type=\"widget\" data-e-type=\"widget\" data-widget_type=\"heading.default\">\n\t\t\t\t<div class=\"elementor-widget-container\">\n\t\t\t\t\t<h2 class=\"elementor-heading-title elementor-size-default\">PARA INCORPORARSE A NUESTRO PROGRAMA, ES NECESARIO CUMPLIR CON REQUISITOS ESPECIFICOS Y DOCUMENTOS MAS INFORMACION RELACIONADA.\n<\/h2>\t\t\t\t<\/div>\n\t\t\t\t<\/div>\n\t\t\t\t<div class=\"elementor-element elementor-element-aa41ded elementor-widget elementor-widget-text-editor\" data-id=\"aa41ded\" data-element_type=\"widget\" data-e-type=\"widget\" data-widget_type=\"text-editor.default\">\n\t\t\t\t<div class=\"elementor-widget-container\">\n\t\t\t\t\t\t\t\t\t<ul><li>Ya en el proceso de inicio de la atenci\u00f3n previamente se cancela matricula y una mensualidad que cubre simb\u00f3licamente el costo de esta atenci\u00f3n.<\/li><\/ul><p>\u00a0<\/p><ul><li>Toda esta informaci\u00f3n es explicada detalladamente en la primera entrevista con los padres de familia, por lo que es importante asistir a la cita programada por medio del WhatsApp institucional.<\/li><\/ul><p>\u00a0<\/p><ul><li>La atenci\u00f3n por todos los medios de comunicaci\u00f3n es en el horario de lunes a viernes de 8:00am a 12:00m y de 1:00pm a 4:00pm y por orden de recibido.<\/li><\/ul>\t\t\t\t\t\t\t\t<\/div>\n\t\t\t\t<\/div>\n\t\t\t\t\t<\/div>\n\t\t\t\t<\/div>\n\t\t<div class=\"elementor-element elementor-element-1409f52 elementor-hidden-tablet elementor-hidden-mobile e-flex e-con-boxed e-con e-parent\" data-id=\"1409f52\" data-element_type=\"container\" data-e-type=\"container\" data-settings=\"{&quot;background_background&quot;:&quot;classic&quot;}\">\n\t\t\t\t\t<div class=\"e-con-inner\">\n\t\t\t\t<div class=\"elementor-element elementor-element-75f36dd elementor-widget elementor-widget-text-editor\" data-id=\"75f36dd\" data-element_type=\"widget\" data-e-type=\"widget\" data-widget_type=\"text-editor.default\">\n\t\t\t\t<div class=\"elementor-widget-container\">\n\t\t\t\t\t\t\t\t\t<p>Asociaci\u00f3n Salvadore\u00f1a de Autismo (ASA) \u00a9 Todos los derechos reservados.<\/p>\t\t\t\t\t\t\t\t<\/div>\n\t\t\t\t<\/div>\n\t\t\t\t\t<\/div>\n\t\t\t\t<\/div>\n\t\t<div class=\"elementor-element elementor-element-1effc76 elementor-hidden-desktop elementor-hidden-tablet e-flex e-con-boxed e-con e-parent\" data-id=\"1effc76\" data-element_type=\"container\" data-e-type=\"container\" data-settings=\"{&quot;background_background&quot;:&quot;slideshow&quot;,&quot;background_slideshow_gallery&quot;:[{&quot;id&quot;:387,&quot;url&quot;:&quot;http:\\\/\\\/autismoelsalvador.org\\\/wp-content\\\/uploads\\\/2023\\\/10\\\/shutterstock_1697257297-scaled.jpg&quot;}],&quot;background_slideshow_loop&quot;:&quot;yes&quot;,&quot;background_slideshow_slide_duration&quot;:5000,&quot;background_slideshow_slide_transition&quot;:&quot;fade&quot;,&quot;background_slideshow_transition_duration&quot;:500}\">\n\t\t\t\t\t<div class=\"e-con-inner\">\n\t\t\t\t<div class=\"elementor-element elementor-element-9b66431 elementor-widget elementor-widget-heading\" data-id=\"9b66431\" data-element_type=\"widget\" data-e-type=\"widget\" data-widget_type=\"heading.default\">\n\t\t\t\t<div class=\"elementor-widget-container\">\n\t\t\t\t\t<h2 class=\"elementor-heading-title elementor-size-default\">Nuestros <br>Servicios.\n<\/h2>\t\t\t\t<\/div>\n\t\t\t\t<\/div>\n\t\t\t\t<div class=\"elementor-element elementor-element-9b83d63 elementor-widget elementor-widget-text-editor\" data-id=\"9b83d63\" data-element_type=\"widget\" data-e-type=\"widget\" data-widget_type=\"text-editor.default\">\n\t\t\t\t<div class=\"elementor-widget-container\">\n\t\t\t\t\t\t\t\t\t<p>Nuestros servicios profesionales est\u00e1n orientados de forma integral para atender todas las necesidades impl\u00edcitas de ni\u00f1os\/as de 2 hasta 10 a\u00f1os de edad diagnosticados con el Trastorno del Espectro del Autismo (TEA), se interviene con m\u00e1s de 12 especialidades seg\u00fan el grado de afecci\u00f3n de cada ni\u00f1o\/ni\u00f1a, adem\u00e1s de brindar asesor\u00eda a las familias.<\/p>\t\t\t\t\t\t\t\t<\/div>\n\t\t\t\t<\/div>\n\t\t\t\t<div class=\"elementor-element elementor-element-2713716 elementor-widget elementor-widget-spacer\" data-id=\"2713716\" data-element_type=\"widget\" data-e-type=\"widget\" data-widget_type=\"spacer.default\">\n\t\t\t\t<div class=\"elementor-widget-container\">\n\t\t\t\t\t\t\t<div class=\"elementor-spacer\">\n\t\t\t<div class=\"elementor-spacer-inner\"><\/div>\n\t\t<\/div>\n\t\t\t\t\t\t<\/div>\n\t\t\t\t<\/div>\n\t\t\t\t\t<\/div>\n\t\t\t\t<\/div>\n\t\t<div class=\"elementor-element elementor-element-be64120 elementor-hidden-desktop elementor-hidden-tablet e-flex e-con-boxed e-con e-parent\" data-id=\"be64120\" data-element_type=\"container\" data-e-type=\"container\" data-settings=\"{&quot;background_background&quot;:&quot;classic&quot;}\">\n\t\t\t\t\t<div class=\"e-con-inner\">\n\t\t\t\t<div class=\"elementor-element elementor-element-2d782ee elementor-widget elementor-widget-heading\" data-id=\"2d782ee\" data-element_type=\"widget\" data-e-type=\"widget\" data-widget_type=\"heading.default\">\n\t\t\t\t<div class=\"elementor-widget-container\">\n\t\t\t\t\t<h2 class=\"elementor-heading-title elementor-size-default\">Aprendizaje Integral.<\/h2>\t\t\t\t<\/div>\n\t\t\t\t<\/div>\n\t\t\t\t<div class=\"elementor-element elementor-element-ab11587 elementor-widget elementor-widget-image\" data-id=\"ab11587\" data-element_type=\"widget\" data-e-type=\"widget\" data-widget_type=\"image.default\">\n\t\t\t\t<div class=\"elementor-widget-container\">\n\t\t\t\t\t\t\t\t\t\t\t\t\t\t\t<img decoding=\"async\" width=\"2560\" height=\"1684\" src=\"https:\/\/autismoelsalvador.org\/wp-content\/uploads\/2023\/10\/SERVICIOS-scaled.jpg\" class=\"attachment-full size-full wp-image-481\" alt=\"\" srcset=\"https:\/\/autismoelsalvador.org\/wp-content\/uploads\/2023\/10\/SERVICIOS-scaled.jpg 2560w, https:\/\/autismoelsalvador.org\/wp-content\/uploads\/2023\/10\/SERVICIOS-300x197.jpg 300w, https:\/\/autismoelsalvador.org\/wp-content\/uploads\/2023\/10\/SERVICIOS-1024x674.jpg 1024w, https:\/\/autismoelsalvador.org\/wp-content\/uploads\/2023\/10\/SERVICIOS-768x505.jpg 768w, https:\/\/autismoelsalvador.org\/wp-content\/uploads\/2023\/10\/SERVICIOS-1536x1010.jpg 1536w, https:\/\/autismoelsalvador.org\/wp-content\/uploads\/2023\/10\/SERVICIOS-2048x1347.jpg 2048w\" sizes=\"(max-width: 2560px) 100vw, 2560px\" \/>\t\t\t\t\t\t\t\t\t\t\t\t\t\t\t<\/div>\n\t\t\t\t<\/div>\n\t\t\t\t\t<\/div>\n\t\t\t\t<\/div>\n\t\t<div class=\"elementor-element elementor-element-634f3b7 elementor-hidden-desktop elementor-hidden-tablet e-flex e-con-boxed e-con e-parent\" data-id=\"634f3b7\" data-element_type=\"container\" data-e-type=\"container\" data-settings=\"{&quot;background_background&quot;:&quot;classic&quot;}\">\n\t\t\t\t\t<div class=\"e-con-inner\">\n\t\t\t\t<div class=\"elementor-element elementor-element-3a13646 elementor-widget elementor-widget-image\" data-id=\"3a13646\" data-element_type=\"widget\" data-e-type=\"widget\" data-widget_type=\"image.default\">\n\t\t\t\t<div class=\"elementor-widget-container\">\n\t\t\t\t\t\t\t\t\t\t\t\t\t\t\t<img decoding=\"async\" width=\"257\" height=\"252\" src=\"https:\/\/autismoelsalvador.org\/wp-content\/uploads\/2023\/10\/ATENCION.png\" class=\"elementor-animation-grow attachment-full size-full wp-image-489\" alt=\"\" \/>\t\t\t\t\t\t\t\t\t\t\t\t\t\t\t<\/div>\n\t\t\t\t<\/div>\n\t\t\t\t<div class=\"elementor-element elementor-element-821217b elementor-widget elementor-widget-heading\" data-id=\"821217b\" data-element_type=\"widget\" data-e-type=\"widget\" data-widget_type=\"heading.default\">\n\t\t\t\t<div class=\"elementor-widget-container\">\n\t\t\t\t\t<h2 class=\"elementor-heading-title elementor-size-default\">PARA INCORPORARSE A NUESTRO PROGRAMA, ES NECESARIO CUMPLIR CON REQUISITOS ESPECIFICOS Y DOCUMENTOS MAS INFORMACION RELACIONADA.\n<\/h2>\t\t\t\t<\/div>\n\t\t\t\t<\/div>\n\t\t\t\t<div class=\"elementor-element elementor-element-9b20a24 elementor-widget elementor-widget-text-editor\" data-id=\"9b20a24\" data-element_type=\"widget\" data-e-type=\"widget\" data-widget_type=\"text-editor.default\">\n\t\t\t\t<div class=\"elementor-widget-container\">\n\t\t\t\t\t\t\t\t\t<ul><li>Ya en el proceso de inicio de la atenci\u00f3n previamente se cancela matricula y una mensualidad que cubre simb\u00f3licamente el costo de esta atenci\u00f3n.<\/li><\/ul><p>\u00a0<\/p><ul><li>Toda esta informaci\u00f3n es explicada detalladamente en la primera entrevista con los padres de familia, por lo que es importante asistir a la cita programada por medio del WhatsApp institucional.<\/li><\/ul><p>\u00a0<\/p><ul><li>La atenci\u00f3n por todos los medios de comunicaci\u00f3n es en el horario de lunes a viernes de 8:00am a 12:00m y de 1:00pm a 4:00pm y por orden de recibido.<\/li><\/ul>\t\t\t\t\t\t\t\t<\/div>\n\t\t\t\t<\/div>\n\t\t\t\t\t<\/div>\n\t\t\t\t<\/div>\n\t\t<div class=\"elementor-element elementor-element-609cc4a elementor-hidden-desktop elementor-hidden-tablet e-flex e-con-boxed e-con e-parent\" data-id=\"609cc4a\" data-element_type=\"container\" data-e-type=\"container\" data-settings=\"{&quot;background_background&quot;:&quot;classic&quot;}\">\n\t\t\t\t\t<div class=\"e-con-inner\">\n\t\t\t\t<div class=\"elementor-element elementor-element-4d6de30 elementor-widget elementor-widget-text-editor\" data-id=\"4d6de30\" data-element_type=\"widget\" data-e-type=\"widget\" data-widget_type=\"text-editor.default\">\n\t\t\t\t<div class=\"elementor-widget-container\">\n\t\t\t\t\t\t\t\t\t<p>Asociaci\u00f3n Salvadore\u00f1a de Autismo (ASA) \u00a9<\/p>\t\t\t\t\t\t\t\t<\/div>\n\t\t\t\t<\/div>\n\t\t\t\t\t<\/div>\n\t\t\t\t<\/div>\n\t\t\t\t<\/div>\n\t\t","protected":false},"excerpt":{"rendered":"<p>Contacto Nuestros Servicios. Nuestros servicios profesionales est\u00e1n orientados de forma integral para atender todas las necesidades impl\u00edcitas de ni\u00f1os\/as de 2 hasta 10 a\u00f1os de edad diagnosticados con el Trastorno del Espectro del Autismo (TEA), se interviene con m\u00e1s de 12 especialidades seg\u00fan el grado de afecci\u00f3n de cada ni\u00f1o\/ni\u00f1a, adem\u00e1s de brindar asesor\u00eda a [&hellip;]<\/p>\n","protected":false},"author":1,"featured_media":0,"parent":0,"menu_order":0,"comment_status":"closed","ping_status":"closed","template":"","meta":{"site-sidebar-layout":"no-sidebar","site-content-layout":"","ast-site-content-layout":"full-width-container","site-content-style":"default","site-sidebar-style":"default","ast-global-header-display":"","ast-banner-title-visibility":"","ast-main-header-display":"","ast-hfb-above-header-display":"","ast-hfb-below-header-display":"","ast-hfb-mobile-header-display":"","site-post-title":"disabled","ast-breadcrumbs-content":"","ast-featured-img":"disabled","footer-sml-layout":"","ast-disable-related-posts":"","theme-transparent-header-meta":"","adv-header-id-meta":"","stick-header-meta":"","header-above-stick-meta":"","header-main-stick-meta":"","header-below-stick-meta":"","astra-migrate-meta-layouts":"default","ast-page-background-enabled":"default","ast-page-background-meta":{"desktop":{"background-color":"var(--ast-global-color-4)","background-image":"","background-repeat":"repeat","background-position":"center center","background-size":"auto","background-attachment":"scroll","background-type":"","background-media":"","overlay-type":"","overlay-color":"","overlay-opacity":"","overlay-gradient":""},"tablet":{"background-color":"","background-image":"","background-repeat":"repeat","background-position":"center center","background-size":"auto","background-attachment":"scroll","background-type":"","background-media":"","overlay-type":"","overlay-color":"","overlay-opacity":"","overlay-gradient":""},"mobile":{"background-color":"","background-image":"","background-repeat":"repeat","background-position":"center center","background-size":"auto","background-attachment":"scroll","background-type":"","background-media":"","overlay-type":"","overlay-color":"","overlay-opacity":"","overlay-gradient":""}},"ast-content-background-meta":{"desktop":{"background-color":"var(--ast-global-color-5)","background-image":"","background-repeat":"repeat","background-position":"center center","background-size":"auto","background-attachment":"scroll","background-type":"","background-media":"","overlay-type":"","overlay-color":"","overlay-opacity":"","overlay-gradient":""},"tablet":{"background-color":"var(--ast-global-color-5)","background-image":"","background-repeat":"repeat","background-position":"center center","background-size":"auto","background-attachment":"scroll","background-type":"","background-media":"","overlay-type":"","overlay-color":"","overlay-opacity":"","overlay-gradient":""},"mobile":{"background-color":"var(--ast-global-color-5)","background-image":"","background-repeat":"repeat","background-position":"center center","background-size":"auto","background-attachment":"scroll","background-type":"","background-media":"","overlay-type":"","overlay-color":"","overlay-opacity":"","overlay-gradient":""}},"footnotes":""},"class_list":["post-135","page","type-page","status-publish","hentry"],"_links":{"self":[{"href":"https:\/\/autismoelsalvador.org\/index.php\/wp-json\/wp\/v2\/pages\/135","targetHints":{"allow":["GET"]}}],"collection":[{"href":"https:\/\/autismoelsalvador.org\/index.php\/wp-json\/wp\/v2\/pages"}],"about":[{"href":"https:\/\/autismoelsalvador.org\/index.php\/wp-json\/wp\/v2\/types\/page"}],"author":[{"embeddable":true,"href":"https:\/\/autismoelsalvador.org\/index.php\/wp-json\/wp\/v2\/users\/1"}],"replies":[{"embeddable":true,"href":"https:\/\/autismoelsalvador.org\/index.php\/wp-json\/wp\/v2\/comments?post=135"}],"version-history":[{"count":106,"href":"https:\/\/autismoelsalvador.org\/index.php\/wp-json\/wp\/v2\/pages\/135\/revisions"}],"predecessor-version":[{"id":1005,"href":"https:\/\/autismoelsalvador.org\/index.php\/wp-json\/wp\/v2\/pages\/135\/revisions\/1005"}],"wp:attachment":[{"href":"https:\/\/autismoelsalvador.org\/index.php\/wp-json\/wp\/v2\/media?parent=135"}],"curies":[{"name":"wp","href":"https:\/\/api.w.org\/{rel}","templated":true}]}}